


{"id":86,"date":"2020-07-13T15:29:59","date_gmt":"2020-07-13T18:29:59","guid":{"rendered":"http:\/\/airjet.com.br\/?page_id=86"},"modified":"2021-08-25T09:44:29","modified_gmt":"2021-08-25T12:44:29","slug":"airbus-as-350-b3-esquilo","status":"publish","type":"page","link":"https:\/\/airjet.com.br\/?page_id=86","title":{"rendered":"Airbus &#8211; AS 350 B3 &#8211; Esquilo"},"content":{"rendered":"\n<p>Aeronave leve, com capacidade para at\u00e9 cinco passageiros e um piloto. Apresenta \u00f3timo desempenho e espa\u00e7o interno, proporcionando conforto e versatilidade &#8211; a op\u00e7\u00e3o ideal para voos executivos e panor\u00e2micos.<\/p>\n\n\n\n<ul><li><strong>Servi\u00e7os:<\/strong>&nbsp;executivo, aerom\u00e9dico e SAE.<\/li><li><strong>Capacidade:<\/strong>&nbsp;5 passageiros.<\/li><li><strong>Velocidade:<\/strong>&nbsp;240 km\/h.<\/li><li><strong>Alcance:<\/strong>&nbsp;700 km.<\/li><\/ul>\n\n\n<div id=\"control\"><\/div><ul class=\"blocks-gallery-grid\"><li><img width=\"1920\" height=\"1280\" src=\"https:\/\/airjet.com.br\/wp-content\/uploads\/2020\/07\/esquilo_Externo_04.jpg\" class=\"attachment-full size-full\" alt=\"\" loading=\"lazy\" srcset=\"https:\/\/airjet.com.br\/wp-content\/uploads\/2020\/07\/esquilo_Externo_04.jpg 1920w, https:\/\/airjet.com.br\/wp-content\/uploads\/2020\/07\/esquilo_Externo_04-300x200.jpg 300w, https:\/\/airjet.com.br\/wp-content\/uploads\/2020\/07\/esquilo_Externo_04-1024x683.jpg 1024w, https:\/\/airjet.com.br\/wp-content\/uploads\/2020\/07\/esquilo_Externo_04-768x512.jpg 768w, https:\/\/airjet.com.br\/wp-content\/uploads\/2020\/07\/esquilo_Externo_04-1536x1024.jpg 1536w, https:\/\/airjet.com.br\/wp-content\/uploads\/2020\/07\/esquilo_Externo_04-1200x800.jpg 1200w\" sizes=\"(max-width: 1920px) 100vw, 1920px\" \/><\/li><li><img width=\"1920\" height=\"1280\" src=\"https:\/\/airjet.com.br\/wp-content\/uploads\/2020\/07\/esquilo_Interno_01.jpg\" class=\"attachment-full size-full\" alt=\"\" loading=\"lazy\" srcset=\"https:\/\/airjet.com.br\/wp-content\/uploads\/2020\/07\/esquilo_Interno_01.jpg 1920w, https:\/\/airjet.com.br\/wp-content\/uploads\/2020\/07\/esquilo_Interno_01-300x200.jpg 300w, https:\/\/airjet.com.br\/wp-content\/uploads\/2020\/07\/esquilo_Interno_01-1024x683.jpg 1024w, https:\/\/airjet.com.br\/wp-content\/uploads\/2020\/07\/esquilo_Interno_01-768x512.jpg 768w, https:\/\/airjet.com.br\/wp-content\/uploads\/2020\/07\/esquilo_Interno_01-1536x1024.jpg 1536w, https:\/\/airjet.com.br\/wp-content\/uploads\/2020\/07\/esquilo_Interno_01-1200x800.jpg 1200w\" sizes=\"(max-width: 1920px) 100vw, 1920px\" \/><\/li><li><img width=\"1920\" height=\"1280\" src=\"https:\/\/airjet.com.br\/wp-content\/uploads\/2020\/07\/esquilo_Interno_03.jpg\" class=\"attachment-full size-full\" alt=\"\" loading=\"lazy\" srcset=\"https:\/\/airjet.com.br\/wp-content\/uploads\/2020\/07\/esquilo_Interno_03.jpg 1920w, https:\/\/airjet.com.br\/wp-content\/uploads\/2020\/07\/esquilo_Interno_03-300x200.jpg 300w, https:\/\/airjet.com.br\/wp-content\/uploads\/2020\/07\/esquilo_Interno_03-1024x683.jpg 1024w, https:\/\/airjet.com.br\/wp-content\/uploads\/2020\/07\/esquilo_Interno_03-768x512.jpg 768w, https:\/\/airjet.com.br\/wp-content\/uploads\/2020\/07\/esquilo_Interno_03-1536x1024.jpg 1536w, https:\/\/airjet.com.br\/wp-content\/uploads\/2020\/07\/esquilo_Interno_03-1200x800.jpg 1200w\" sizes=\"(max-width: 1920px) 100vw, 1920px\" \/><\/li><\/ul><div id=\"thumbs\" class=\"d-lg-block d-none\"><a><img width=\"1920\" height=\"1280\" src=\"https:\/\/airjet.com.br\/wp-content\/uploads\/2020\/07\/esquilo_Externo_04.jpg\" class=\"attachment-small size-small\" alt=\"\" loading=\"lazy\" srcset=\"https:\/\/airjet.com.br\/wp-content\/uploads\/2020\/07\/esquilo_Externo_04.jpg 1920w, https:\/\/airjet.com.br\/wp-content\/uploads\/2020\/07\/esquilo_Externo_04-300x200.jpg 300w, https:\/\/airjet.com.br\/wp-content\/uploads\/2020\/07\/esquilo_Externo_04-1024x683.jpg 1024w, https:\/\/airjet.com.br\/wp-content\/uploads\/2020\/07\/esquilo_Externo_04-768x512.jpg 768w, https:\/\/airjet.com.br\/wp-content\/uploads\/2020\/07\/esquilo_Externo_04-1536x1024.jpg 1536w, https:\/\/airjet.com.br\/wp-content\/uploads\/2020\/07\/esquilo_Externo_04-1200x800.jpg 1200w\" sizes=\"(max-width: 1920px) 100vw, 1920px\" \/><\/a><a><img width=\"1920\" height=\"1280\" src=\"https:\/\/airjet.com.br\/wp-content\/uploads\/2020\/07\/esquilo_Interno_01.jpg\" class=\"attachment-small size-small\" alt=\"\" loading=\"lazy\" srcset=\"https:\/\/airjet.com.br\/wp-content\/uploads\/2020\/07\/esquilo_Interno_01.jpg 1920w, https:\/\/airjet.com.br\/wp-content\/uploads\/2020\/07\/esquilo_Interno_01-300x200.jpg 300w, https:\/\/airjet.com.br\/wp-content\/uploads\/2020\/07\/esquilo_Interno_01-1024x683.jpg 1024w, https:\/\/airjet.com.br\/wp-content\/uploads\/2020\/07\/esquilo_Interno_01-768x512.jpg 768w, https:\/\/airjet.com.br\/wp-content\/uploads\/2020\/07\/esquilo_Interno_01-1536x1024.jpg 1536w, https:\/\/airjet.com.br\/wp-content\/uploads\/2020\/07\/esquilo_Interno_01-1200x800.jpg 1200w\" sizes=\"(max-width: 1920px) 100vw, 1920px\" \/><\/a><a><img width=\"1920\" height=\"1280\" src=\"https:\/\/airjet.com.br\/wp-content\/uploads\/2020\/07\/esquilo_Interno_03.jpg\" class=\"attachment-small size-small\" alt=\"\" loading=\"lazy\" srcset=\"https:\/\/airjet.com.br\/wp-content\/uploads\/2020\/07\/esquilo_Interno_03.jpg 1920w, https:\/\/airjet.com.br\/wp-content\/uploads\/2020\/07\/esquilo_Interno_03-300x200.jpg 300w, https:\/\/airjet.com.br\/wp-content\/uploads\/2020\/07\/esquilo_Interno_03-1024x683.jpg 1024w, https:\/\/airjet.com.br\/wp-content\/uploads\/2020\/07\/esquilo_Interno_03-768x512.jpg 768w, https:\/\/airjet.com.br\/wp-content\/uploads\/2020\/07\/esquilo_Interno_03-1536x1024.jpg 1536w, https:\/\/airjet.com.br\/wp-content\/uploads\/2020\/07\/esquilo_Interno_03-1200x800.jpg 1200w\" sizes=\"(max-width: 1920px) 100vw, 1920px\" \/><\/a><\/div>\n\n\n<p><\/p>\n","protected":false},"excerpt":{"rendered":"<p>Aeronave leve, com capacidade para at\u00e9 cinco passageiros e um piloto. Apresenta \u00f3timo desempenho e espa\u00e7o interno, proporcionando conforto e versatilidade &#8211; a op\u00e7\u00e3o ideal para voos executivos e panor\u00e2micos. Servi\u00e7os:&nbsp;executivo, aerom\u00e9dico e SAE. Capacidade:&nbsp;5 passageiros. Velocidade:&nbsp;240 km\/h. Alcance:&nbsp;700 km.<\/p>\n","protected":false},"author":1,"featured_media":885,"parent":0,"menu_order":0,"comment_status":"closed","ping_status":"closed","template":"","meta":[],"yoast_head":"<!-- This site is optimized with the Yoast SEO plugin v14.9 - https:\/\/yoast.com\/wordpress\/plugins\/seo\/ -->\n<meta name=\"robots\" content=\"index, follow, max-snippet:-1, max-image-preview:large, max-video-preview:-1\" \/>\n<link rel=\"canonical\" href=\"http:\/\/airjet.com.br\/?page_id=86\" \/>\n<meta property=\"og:locale\" content=\"pt_BR\" \/>\n<meta property=\"og:type\" content=\"article\" \/>\n<meta property=\"og:title\" content=\"Airbus - AS 350 B3 - Esquilo - Air Jet Taxi A\u00e9reo\" \/>\n<meta property=\"og:description\" content=\"Aeronave leve, com capacidade para at\u00e9 cinco passageiros e um piloto. Apresenta \u00f3timo desempenho e espa\u00e7o interno, proporcionando conforto e versatilidade &#8211; a op\u00e7\u00e3o ideal para voos executivos e panor\u00e2micos. Servi\u00e7os:&nbsp;executivo, aerom\u00e9dico e SAE. Capacidade:&nbsp;5 passageiros. Velocidade:&nbsp;240 km\/h. Alcance:&nbsp;700 km.\" \/>\n<meta property=\"og:url\" content=\"http:\/\/airjet.com.br\/?page_id=86\" \/>\n<meta property=\"og:site_name\" content=\"Air Jet Taxi A\u00e9reo\" \/>\n<meta property=\"article:modified_time\" content=\"2021-08-25T12:44:29+00:00\" \/>\n<meta property=\"og:image\" content=\"https:\/\/airjet.com.br\/wp-content\/uploads\/2021\/08\/banner_airjet_pag_interna.png\" \/>\n\t<meta property=\"og:image:width\" content=\"1920\" \/>\n\t<meta property=\"og:image:height\" content=\"720\" \/>\n<meta name=\"twitter:card\" content=\"summary_large_image\" \/>\n<script type=\"application\/ld+json\" class=\"yoast-schema-graph\">{\"@context\":\"https:\/\/schema.org\",\"@graph\":[{\"@type\":\"Organization\",\"@id\":\"https:\/\/airjet.com.br\/#organization\",\"name\":\"Air Jet Taxi A\\u00e9reo\",\"url\":\"https:\/\/airjet.com.br\/\",\"sameAs\":[\"https:\/\/www.instagram.com\/airjettaxiaereo\/\"],\"logo\":{\"@type\":\"ImageObject\",\"@id\":\"https:\/\/airjet.com.br\/#logo\",\"inLanguage\":\"pt-BR\",\"url\":\"https:\/\/airjet.com.br\/wp-content\/uploads\/2020\/07\/logo-airjet.png\",\"width\":128,\"height\":47,\"caption\":\"Air Jet Taxi A\\u00e9reo\"},\"image\":{\"@id\":\"https:\/\/airjet.com.br\/#logo\"}},{\"@type\":\"WebSite\",\"@id\":\"https:\/\/airjet.com.br\/#website\",\"url\":\"https:\/\/airjet.com.br\/\",\"name\":\"Air Jet Taxi A\\u00e9reo\",\"description\":\"\",\"publisher\":{\"@id\":\"https:\/\/airjet.com.br\/#organization\"},\"potentialAction\":[{\"@type\":\"SearchAction\",\"target\":\"https:\/\/airjet.com.br\/?s={search_term_string}\",\"query-input\":\"required name=search_term_string\"}],\"inLanguage\":\"pt-BR\"},{\"@type\":\"ImageObject\",\"@id\":\"http:\/\/airjet.com.br\/?page_id=86#primaryimage\",\"inLanguage\":\"pt-BR\",\"url\":\"https:\/\/airjet.com.br\/wp-content\/uploads\/2021\/08\/banner_airjet_pag_interna.png\",\"width\":1920,\"height\":720},{\"@type\":\"WebPage\",\"@id\":\"http:\/\/airjet.com.br\/?page_id=86#webpage\",\"url\":\"http:\/\/airjet.com.br\/?page_id=86\",\"name\":\"Airbus - AS 350 B3 - Esquilo - Air Jet Taxi A\\u00e9reo\",\"isPartOf\":{\"@id\":\"https:\/\/airjet.com.br\/#website\"},\"primaryImageOfPage\":{\"@id\":\"http:\/\/airjet.com.br\/?page_id=86#primaryimage\"},\"datePublished\":\"2020-07-13T18:29:59+00:00\",\"dateModified\":\"2021-08-25T12:44:29+00:00\",\"inLanguage\":\"pt-BR\",\"potentialAction\":[{\"@type\":\"ReadAction\",\"target\":[\"http:\/\/airjet.com.br\/?page_id=86\"]}]}]}<\/script>\n<!-- \/ Yoast SEO plugin. -->","_links":{"self":[{"href":"https:\/\/airjet.com.br\/index.php?rest_route=\/wp\/v2\/pages\/86"}],"collection":[{"href":"https:\/\/airjet.com.br\/index.php?rest_route=\/wp\/v2\/pages"}],"about":[{"href":"https:\/\/airjet.com.br\/index.php?rest_route=\/wp\/v2\/types\/page"}],"author":[{"embeddable":true,"href":"https:\/\/airjet.com.br\/index.php?rest_route=\/wp\/v2\/users\/1"}],"replies":[{"embeddable":true,"href":"https:\/\/airjet.com.br\/index.php?rest_route=%2Fwp%2Fv2%2Fcomments&post=86"}],"version-history":[{"count":4,"href":"https:\/\/airjet.com.br\/index.php?rest_route=\/wp\/v2\/pages\/86\/revisions"}],"predecessor-version":[{"id":884,"href":"https:\/\/airjet.com.br\/index.php?rest_route=\/wp\/v2\/pages\/86\/revisions\/884"}],"wp:featuredmedia":[{"embeddable":true,"href":"https:\/\/airjet.com.br\/index.php?rest_route=\/wp\/v2\/media\/885"}],"wp:attachment":[{"href":"https:\/\/airjet.com.br\/index.php?rest_route=%2Fwp%2Fv2%2Fmedia&parent=86"}],"curies":[{"name":"wp","href":"https:\/\/api.w.org\/{rel}","templated":true}]}}